{"id":4605,"date":"2023-02-20T11:38:34","date_gmt":"2023-02-20T11:38:34","guid":{"rendered":"https:\/\/guryapi.com\/?post_type=project&#038;p=4605"},"modified":"2023-06-07T08:08:32","modified_gmt":"2023-06-07T08:08:32","slug":"suleymaniye-camii-turbeleri-ve-mimar-sinan-turbesi","status":"publish","type":"project","link":"https:\/\/guryapi.com\/ru\/project\/suleymaniye-camii-turbeleri-ve-mimar-sinan-turbesi\/","title":{"rendered":"S\u00fcleymaniye Camii T\u00fcrbeleri ve Mimar Sinan T\u00fcrbesi"},"content":{"rendered":"\n<p>Kanuni Sultan S\u00fcleyman T\u00fcrbesi, Sultan\u0131n 1566\u2019daki vefat\u0131ndan 13 ay sonra cami haziresinde in\u015fa edilmi\u015ftir. T\u00fcrbe, giri\u015fi do\u011fuya bakacak \u015fekilde, sekizgen planl\u0131d\u0131r ve kesme k\u00fcfeki ta\u015ftand\u0131r. D\u0131\u015f cephe b\u00fct\u00fcn\u00fcyle mermer ve renkli ta\u015flarla giydirilmi\u015ftir. Klasik Osmanl\u0131 t\u00fcrbe mimarisinin plan, cephe d\u00fczenlemesi, malzeme ve mimari \u00f6geleri tekrarlanan t\u00fcrbede, di\u011fer t\u00fcrbelerden farkl\u0131 olarak, ana hacmin d\u0131\u015f\u0131nda 29 s\u00fctunlu, \u00fcst\u00fc \u00f6rt\u00fcl\u00fc a\u00e7\u0131k bir revak yer almaktad\u0131r. \u0130ri palmet dizisi tezyin edilmi\u015f korni\u015ften sonra kur\u015fun kapl\u0131, tu\u011fla \u00e7ift civarl\u0131 kubbe ile \u00f6rt\u00fcl\u00fcd\u00fcr.<\/p>\n\n\n\n<p>Haseki H\u00fcrrem Sultan T\u00fcrbesi, Kanuni Sultan S\u00fcleyman taraf\u0131ndan 1559 y\u0131l\u0131nda in\u015fa ettirilmi\u015ftir. S\u00fcleymaniye Camii\u2019nin k\u0131ble y\u00f6n\u00fcndeki haziresinde bulunmaktad\u0131r. T\u00fcrbe d\u0131\u015fta sekizgen i\u00e7te onalt\u0131gen bir plan \u015femas\u0131na sahiptir. Duvar \u00f6rg\u00fcs\u00fcnde k\u00fcfeki ta\u015f\u0131 kullan\u0131lan t\u00fcrbe, y\u00fcksek kasnakl\u0131 9,20 metre \u00e7ap\u0131nda, yar\u0131m daire formlu ve kur\u015fun kapl\u0131 kubbeyle \u00f6rt\u00fcl\u00fcd\u00fcr.<\/p>\n\n\n\n<p>Her iki t\u00fcrbede 16. Y\u00fczy\u0131l s\u00fcsleme sanatlar\u0131n\u0131n en zarif \u00f6rnekleri ile bezenmi\u015ftir.<\/p>\n\n\n\n<p>Mimar Sinan T\u00fcrbesi, S\u00fcleymaniye K\u00fclliyesi\u2019nin A\u011fakap\u0131s\u0131 taraf\u0131nda d\u00f6rt taraf\u0131 a\u00e7\u0131k, baldaken tarz\u0131 ve sebilli t\u00fcrbedir. K\u00fcfeki ta\u015f\u0131 kullan\u0131larak yap\u0131lan t\u00fcrbe, Sinan eserlerinin yan\u0131nda olduk\u00e7a m\u00fctevazi tarzdad\u0131r. Som mermerden yap\u0131lm\u0131\u015f sebilin arkas\u0131nda yer alan t\u00fcrbe, yontma k\u00fcfeki ta\u015f\u0131 ile mermerden in\u015fa edilmi\u015ftir. Mimar Sinan\u2019\u0131n sandukas\u0131n\u0131n \u00f6n\u00fcnde hacet penceresinin \u00fczerinde, yekpare mermerden bir kitabe yer al\u0131r. Yar\u0131 a\u00e7\u0131k t\u00fcrbe, birbirine sivri kemerlerle ba\u011flanm\u0131\u015f alt\u0131 s\u00fctunun ta\u015f\u0131d\u0131\u011f\u0131 bir kubbe ile \u00f6rt\u00fclm\u00fc\u015ft\u00fcr.<\/p>\n\n\n\n<p>Restorasyon \u00e7al\u0131\u015fmalar\u0131 kapsam\u0131nda, 3 t\u00fcrbenin \u00e7imento s\u0131valar\u0131 kald\u0131r\u0131larak, \u00f6zg\u00fcn s\u0131va uygulamas\u0131, kur\u015fun tamirat\u0131 ve cephe temizli\u011fi yap\u0131lm\u0131\u015ft\u0131r. Ara\u015ft\u0131rma raspalar\u0131 yap\u0131larak \u00f6zg\u00fcn kalemi\u015fleri ihya edilmi\u015ftir. Yap\u0131lar\u0131n \u00f6zel olan \u00e7inilerinde mikro enjeksiyon ve sonras\u0131nda y\u00fczey temizli\u011fi yap\u0131lm\u0131\u015ft\u0131r. Sanduka korkuluklar\u0131nda, k\u00fcndekari kap\u0131 ve kepenklerdeki eksik abanoz, fildi\u015fi sedef gibi yar\u0131 de\u011ferli materyallerdeki eksikler tamamlanm\u0131\u015f ve gomalak cilalar\u0131 yap\u0131lm\u0131\u015ft\u0131r. Pencerede yer alan demir lokma parmakl\u0131klar\u0131 \u00fczerinde bulunan boya katmanlar\u0131n\u0131n raspas\u0131 yap\u0131lm\u0131\u015f, \u00f6zg\u00fcn pirin\u00e7 malzeme ortaya \u00e7\u0131kart\u0131l\u0131p cilalanm\u0131\u015ft\u0131r.<\/p>\n","protected":false},"excerpt":{"rendered":"<p>Tamamlanan Proje<\/p>\n","protected":false},"author":1,"featured_media":4606,"template":"","meta":{"ngg_post_thumbnail":0},"project_category":[27,82],"class_list":["post-4605","project","type-project","status-publish","has-post-thumbnail","hentry","project_category-restorasyon","project_category-tamamlanan-projeler"],"_links":{"self":[{"href":"https:\/\/guryapi.com\/ru\/wp-json\/wp\/v2\/project\/4605","targetHints":{"allow":["GET"]}}],"collection":[{"href":"https:\/\/guryapi.com\/ru\/wp-json\/wp\/v2\/project"}],"about":[{"href":"https:\/\/guryapi.com\/ru\/wp-json\/wp\/v2\/types\/project"}],"author":[{"embeddable":true,"href":"https:\/\/guryapi.com\/ru\/wp-json\/wp\/v2\/users\/1"}],"version-history":[{"count":1,"href":"https:\/\/guryapi.com\/ru\/wp-json\/wp\/v2\/project\/4605\/revisions"}],"predecessor-version":[{"id":4942,"href":"https:\/\/guryapi.com\/ru\/wp-json\/wp\/v2\/project\/4605\/revisions\/4942"}],"wp:featuredmedia":[{"embeddable":true,"href":"https:\/\/guryapi.com\/ru\/wp-json\/wp\/v2\/media\/4606"}],"wp:attachment":[{"href":"https:\/\/guryapi.com\/ru\/wp-json\/wp\/v2\/media?parent=4605"}],"wp:term":[{"taxonomy":"project_category","embeddable":true,"href":"https:\/\/guryapi.com\/ru\/wp-json\/wp\/v2\/project_category?post=4605"}],"curies":[{"name":"wp","href":"https:\/\/api.w.org\/{rel}","templated":true}]}}