{"id":4561,"date":"2023-02-20T07:15:40","date_gmt":"2023-02-20T07:15:40","guid":{"rendered":"https:\/\/guryapi.com\/?post_type=project&#038;p=4561"},"modified":"2024-03-28T08:13:26","modified_gmt":"2024-03-28T08:13:26","slug":"halet-cambel-yalisi","status":"publish","type":"project","link":"https:\/\/guryapi.com\/ar\/project\/halet-cambel-yalisi\/","title":{"rendered":"Halet \u00c7ambel Yal\u0131s\u0131"},"content":{"rendered":"\n<p>Yap\u0131m\u0131 19. yy ba\u015flar\u0131na tarihlenen yal\u0131, Bo\u011fazi\u00e7i sahilindeki en erken tarihli yal\u0131lardan biridir. 1820-1830 y\u0131llar\u0131nda in\u015fa edilmi\u015f oldu\u011funa dair belgelenemeyen bilgiler bulunmaktad\u0131r. Yap\u0131 tarihi boyunca bir\u00e7ok aileye ev sahipli\u011fi yapm\u0131\u015ft\u0131r. Yap\u0131 son olarak, 1930\u2019lar\u0131n ba\u015f\u0131nda T\u00fcrkiye\u2019nin \u00f6nemli isimlerinden Prof. Dr. Halet \u00c7ambel ve ailesi taraf\u0131ndan kullan\u0131lmaya ba\u015flanm\u0131\u015ft\u0131r. Prof. Dr. Halet \u00c7ambel, A\u011fa Han Mimarl\u0131k \u00d6d\u00fcll\u00fc e\u015fi Nail \u00c7ak\u0131rhan ile bu yal\u0131da ya\u015fam\u0131\u015f ve \u00e7ift yal\u0131y\u0131 2004 y\u0131l\u0131nda Bo\u011fazi\u00e7i \u00dcniversite\u2019ne ba\u011f\u0131\u015flam\u0131\u015ft\u0131r.<\/p>\n\n\n\n<p>Do\u011fu-bat\u0131 do\u011frultusunda yakla\u015f\u0131k olarak 41.5 metre boyunca denize dik olarak kademeli bir \u015fekilde uzanan 7936 m2\u2019lik parsel \u00fczerinde bulunan yap\u0131, yakla\u015f\u0131k 16\u00d716 metre boyutlar\u0131nda orta sofal\u0131 plan \u015femas\u0131na sahiptir. Zemin kat ve iki normal kattan olu\u015fan yap\u0131, ah\u015fap karkas tekni\u011finde in\u015fa edilmi\u015f, ah\u015fap sa\u00e7akl\u0131 ve alaturka kiremit ile kapl\u0131 k\u0131rma \u00e7at\u0131yla \u00f6rt\u00fclm\u00fc\u015ft\u00fcr. Yap\u0131 19.yy ba\u015flar\u0131nda \u0130stanbul\u2019da egemen olan mimari ve \u00fcslup \u00f6zelliklerine sahiptir. Parselde ana yap\u0131 d\u0131\u015f\u0131nda, arka bah\u00e7ede iki adet kagir m\u00fc\u015ftemilat bulunmaktad\u0131r.&nbsp;<\/p>\n\n\n\n<p>Restorasyon \u00e7al\u0131\u015fmalar\u0131 kapsam\u0131nda, sahada \u00f6ncelikle ara\u015ft\u0131rma raspalar\u0131, analiz \u00e7al\u0131\u015fmalar\u0131 ve yap\u0131 ile ilgili ar\u015fiv taramalar\u0131 yap\u0131lm\u0131\u015ft\u0131r. Yap\u0131 muhdeslerden ar\u0131nd\u0131r\u0131lm\u0131\u015ft\u0131r. Temel duvarlar\u0131nda ve ah\u015fap karkasta g\u00fc\u00e7lendirme yap\u0131lmaktad\u0131r. \u00d6zg\u00fcn ve sa\u011flam olan ah\u015fap cephe, d\u00f6\u015feme ve tavan kaplamalar\u0131 korunmakta, de\u011fi\u015fmesi gereken b\u00f6l\u00fcmler idarenin direktifleri do\u011frultusunda yenilenmektedir.&nbsp; Yap\u0131, t\u00fcm restorasyon ve konservasyon \u00e7al\u0131\u015fmalar\u0131 tamamland\u0131\u011f\u0131nda Bo\u011fazi\u00e7i \u00dcniversitesine ba\u011fl\u0131 Arkeoloji ve Geleneksel Mimarl\u0131k Ara\u015ft\u0131rmalar\u0131 Merkezi olarak faaliyete ge\u00e7ecektir.<\/p>\n","protected":false},"excerpt":{"rendered":"<p>Tamamlanan Proje<\/p>\n","protected":false},"author":1,"featured_media":5248,"template":"","meta":{"ngg_post_thumbnail":0},"project_category":[27,82],"class_list":["post-4561","project","type-project","status-publish","has-post-thumbnail","hentry","project_category-restorasyon","project_category-tamamlanan-projeler"],"_links":{"self":[{"href":"https:\/\/guryapi.com\/ar\/wp-json\/wp\/v2\/project\/4561","targetHints":{"allow":["GET"]}}],"collection":[{"href":"https:\/\/guryapi.com\/ar\/wp-json\/wp\/v2\/project"}],"about":[{"href":"https:\/\/guryapi.com\/ar\/wp-json\/wp\/v2\/types\/project"}],"author":[{"embeddable":true,"href":"https:\/\/guryapi.com\/ar\/wp-json\/wp\/v2\/users\/1"}],"version-history":[{"count":2,"href":"https:\/\/guryapi.com\/ar\/wp-json\/wp\/v2\/project\/4561\/revisions"}],"predecessor-version":[{"id":5087,"href":"https:\/\/guryapi.com\/ar\/wp-json\/wp\/v2\/project\/4561\/revisions\/5087"}],"wp:featuredmedia":[{"embeddable":true,"href":"https:\/\/guryapi.com\/ar\/wp-json\/wp\/v2\/media\/5248"}],"wp:attachment":[{"href":"https:\/\/guryapi.com\/ar\/wp-json\/wp\/v2\/media?parent=4561"}],"wp:term":[{"taxonomy":"project_category","embeddable":true,"href":"https:\/\/guryapi.com\/ar\/wp-json\/wp\/v2\/project_category?post=4561"}],"curies":[{"name":"wp","href":"https:\/\/api.w.org\/{rel}","templated":true}]}}